{"id":14674,"date":"2018-05-21T21:55:33","date_gmt":"2018-05-21T21:55:33","guid":{"rendered":"https:\/\/capuchinos.org\/ingles1\/?page_id=14674"},"modified":"2018-06-27T18:39:52","modified_gmt":"2018-06-27T18:39:52","slug":"padre-pio","status":"publish","type":"page","link":"https:\/\/capuchinos.org\/ingles1\/padre-pio\/","title":{"rendered":"Padre Pio"},"content":{"rendered":"<div id=\"cmsmasters_row_d3bf61f3c5\" class=\"cmsmasters_row cmsmasters_color_scheme_default cmsmasters_row_top_default cmsmasters_row_bot_default cmsmasters_row_boxed\">\n<div class=\"cmsmasters_row_outer_parent\">\n<div class=\"cmsmasters_row_outer\">\n<div class=\"cmsmasters_row_inner\">\n<div class=\"cmsmasters_row_margin\">\n<div id=\"cmsmasters_column_23008dd367\" class=\"cmsmasters_column one_first\">\n<div class=\"cmsmasters_column_inner\"><div id=\"cmsmasters_heading_335c9e144c\" class=\"cmsmasters_heading_wrap cmsmasters_heading_align_center\">\n\t<h2 class=\"cmsmasters_heading\">CAPUCHINS SAINTS<\/h2>\n<\/div><div id=\"cmsmasters_heading_ae9e129115\" class=\"cmsmasters_heading_wrap cmsmasters_heading_align_center\">\n\t<h2 class=\"cmsmasters_heading\">Padre Pio<\/h2>\n<\/div>\n<\/div><\/div>\n<\/div>\n<\/div>\n<\/div>\n<\/div>\n<\/div>\n<div id=\"cmsmasters_row_efc45c80b7\" class=\"cmsmasters_row cmsmasters_color_scheme_default cmsmasters_row_top_default cmsmasters_row_bot_default cmsmasters_row_boxed\">\n<div class=\"cmsmasters_row_outer_parent\">\n<div class=\"cmsmasters_row_outer\">\n<div class=\"cmsmasters_row_inner\">\n<div class=\"cmsmasters_row_margin\">\n<div id=\"cmsmasters_column_417a544db7\" class=\"cmsmasters_column one_first\">\n<div class=\"cmsmasters_column_inner\"><div class=\"custom_html\">\n<p><a id=\"biography\"><\/a><\/p>\n<\/div>\n<div id=\"cmsmasters_heading_86bd84f5d0\" class=\"cmsmasters_heading_wrap cmsmasters_heading_align_center\">\n\t<h4 class=\"cmsmasters_heading\">Biography <\/h4>\n<\/div>\n<\/div><\/div>\n<\/div>\n<\/div>\n<\/div>\n<\/div>\n<\/div>\n<div id=\"cmsmasters_row_0ba4fcdaf1\" class=\"cmsmasters_row cmsmasters_color_scheme_first cmsmasters_row_top_default cmsmasters_row_bot_default cmsmasters_row_fullwidth\">\n<div class=\"cmsmasters_row_outer_parent\">\n<div class=\"cmsmasters_row_outer\">\n<div class=\"cmsmasters_row_inner cmsmasters_row_fullwidth cmsmasters_row_no_margin\">\n<div class=\"cmsmasters_row_margin cmsmasters_row_columns_behavior\">\n<div id=\"cmsmasters_column_1637a9a27f\" class=\"cmsmasters_column one_half\">\n<div class=\"cmsmasters_column_inner\"><div id=\"cmsmasters_fb_f9fe6fdc0b\" class=\"cmsmasters_featured_block\">\n<div class=\"featured_block_inner\">\n<div class=\"featured_block_text\">\n<p>Pio, whose name was Francisco Forgione, was born in Pietrelcina in the Benevento province on May 25, 1887. He joined the Order of Minor Capuchin Brother on January 6, 1903 and was ordained priest on August 10, 1910 at the Benevento cathedral. He arrived to San Giovanni Rotondeo on the outskirts of Mt. Gargano on July 28, 1916, where, with few and brief interruptions, he remained until his death on September 23, 1968. In the morning of September 20, 1918, while praying in front of a crucifix in the choir of the old conventual church, he received the gift of sores which remained open and bleeding for half a century. During his life he performed his priestly ministry, founded \u201cPrayer Groups\u201d and a modern hospital which he named \u201cRelief from Suffering House\u201d. Died on September 23, 1968. He was made blessed on May 2, 1999 and canonized on June 17, 2002 by the pope John Paul II.<\/p>\n<\/div>\n<\/div>\n<\/div>\n<\/div><\/div>\n<div id=\"cmsmasters_column_39668aa575\" class=\"cmsmasters_column one_half\">\n<div class=\"cmsmasters_column_inner\"><div class=\"aligncenter\"><div class=\"cmsmasters_img  cmsmasters_image_c\"><img decoding=\"async\" src=\"https:\/\/capuchinos.org\/ingles1\/wp-content\/uploads\/sites\/3\/2018\/05\/padrepio.jpg\" \/><\/div><\/div>\n<\/div><\/div>\n<\/div>\n<\/div>\n<\/div>\n<\/div>\n<\/div>\n<div id=\"cmsmasters_row_s35evq3rgh\" class=\"cmsmasters_row cmsmasters_color_scheme_first cmsmasters_row_top_default cmsmasters_row_bot_default cmsmasters_row_fullwidth\">\n<div class=\"cmsmasters_row_outer_parent\">\n<div class=\"cmsmasters_row_outer\">\n<div class=\"cmsmasters_row_inner cmsmasters_row_fullwidth cmsmasters_row_no_margin\">\n<div class=\"cmsmasters_row_margin cmsmasters_row_columns_behavior\">\n<div id=\"cmsmasters_column_3430s0m8ih\" class=\"cmsmasters_column one_half\">\n<div class=\"cmsmasters_column_inner\"><div class=\"aligncenter\"><div class=\"cmsmasters_img  cmsmasters_image_c\"><img decoding=\"async\" src=\"https:\/\/capuchinos.org\/ingles1\/wp-content\/uploads\/sites\/3\/2018\/05\/peta_oracion.jpg\" \/><\/div><\/div>\n<\/div><\/div>\n<div id=\"cmsmasters_column_n630g4oyfx\" class=\"cmsmasters_column one_half\">\n<div class=\"cmsmasters_column_inner\"><div class=\"custom_html\">\n<p><a id=\"groups\"><\/a><\/p>\n<\/div>\n<div id=\"cmsmasters_fb_v8ba18dk4f\" class=\"cmsmasters_featured_block\">\n<div class=\"featured_block_inner\">\n<div class=\"featured_block_text\">\n<h3><strong>Prayer Groups<\/strong><\/h3>\n<p class=\"texto\" style=\"text-align: justify;\">The prayer groups come into existence from the intuition of Padre Pio Pietrelcina, as a response to the spiritual needs. Their purpose is to cooperate in the fulfillment of the Kingdom of God, in accordance to the teachings of Jesus, of a profound prayer. The group\u2019s aim to follow the main principles of the Franciscan Spirituality of Padre Pio. Absolute and unconditional adherence to the Catholic Church doctrine, led by the popes and bishops. Obedience to the pope and bishops, whose spokesman among the group id the Spiritual Guide priest, named by the bishop.<\/p>\n<p>The main characteristic is the Prayer with the Church, for the Church and in the Church, with an active participation in the sacramental and liturgical life, lived as the apex of the intimate communion with God. Reparation through participation for Christ\u2019s suffering. Active and laborious charity in the relief of those who are suffering and the needy, as practical action of charity towards God.<\/p>\n<\/div>\n<\/div>\n<\/div>\n<\/div><\/div>\n<\/div>\n<\/div>\n<\/div>\n<\/div>\n<\/div>\n<div id=\"cmsmasters_row_356597d0f5\" class=\"cmsmasters_row cmsmasters_color_scheme_default cmsmasters_row_top_default cmsmasters_row_bot_default cmsmasters_row_boxed\">\n<div class=\"cmsmasters_row_outer_parent\">\n<div class=\"cmsmasters_row_outer\">\n<div class=\"cmsmasters_row_inner\">\n<div class=\"cmsmasters_row_margin\">\n<div id=\"cmsmasters_column_b0c2b8d44b\" class=\"cmsmasters_column one_first\">\n<div class=\"cmsmasters_column_inner\"><div class=\"custom_html\">\n<p><a id=\"prayers\"><\/a><\/p>\n<\/div>\n<div id=\"cmsmasters_heading_mkh4fslxbn\" class=\"cmsmasters_heading_wrap cmsmasters_heading_align_center\">\n\t<h2 class=\"cmsmasters_heading\">Prayers<\/h2>\n<\/div><div class=\"cmsmasters_text\">\n<h3><\/h3>\n<h3><img loading=\"lazy\" decoding=\"async\" class=\"aligncenter size-full wp-image-14396\" src=\"https:\/\/capuchinos.org\/wp-content\/uploads\/sites\/3\/2018\/05\/oracion.jpg\" alt=\"\" width=\"104\" height=\"98\" \/><\/h3>\n<h4 style=\"text-align: center;\"><span style=\"color: #ff6600;\"><strong>Oraci\u00f3n al Se\u00f1or por intercesi\u00f3n de Pietrelcina<\/strong><\/span><\/h4>\n<p style=\"text-align: center;\">\u00a1Oh Dios, que a San P\u00edo de Pietrelcina,<br \/>\nsacerdote capuchino,<br \/>\nle has concedido<br \/>\nel insigne privilegio<br \/>\nde participar, de modo admirable,<br \/>\nde la pasi\u00f3n de tu Hijo:<br \/>\nconc\u00e9deme,<br \/>\npor su intercesi\u00f3n,<br \/>\nLa gracia de&#8230;&#8230;.<br \/>\nque ardientemente deseo<br \/>\ny ot\u00f3rgame, sobre todo,<br \/>\nque yo me conforme<br \/>\na la muerte de Jes\u00fas<br \/>\npara alcanzar despu\u00e9s<br \/>\nla gloria de la resurrecci\u00f3n.<br \/>\nGloria al Padre&#8230;.. (3 veces)<\/p>\n<hr \/>\n<h3 style=\"text-align: center;\"><\/h3>\n<h3><img loading=\"lazy\" decoding=\"async\" class=\"aligncenter size-full wp-image-14396\" src=\"https:\/\/capuchinos.org\/wp-content\/uploads\/sites\/3\/2018\/05\/oracion.jpg\" alt=\"\" width=\"104\" height=\"98\" \/><\/h3>\n<h4 style=\"text-align: center;\"><span style=\"color: #ff6600;\"><strong>Novena al Sagrado Coraz\u00f3n de Jes\u00fas<\/strong><\/span><\/h4>\n<p style=\"text-align: center;\">1.O Jes\u00fas m\u00edo que dijiste &#8220;en verdad os digo, pedid y recibir\u00e9is, buscad y hallareis, llamad y se os abrir\u00e1&#8221;<\/p>\n<p style=\"text-align: center;\">He aqu\u00ed que, confiado en tu Palabra divina, llamo, busco y te pido la gracia&#8230;&#8230;<br \/>\n<sup>Padre Nuestro, Ave Mar\u00eda, Gloria.<\/sup><br \/>\n<sup>Sagrado Coraz\u00f3n de Jes\u00fas en ti conf\u00edo.<\/sup><\/p>\n<p style=\"text-align: center;\">2. O Jes\u00fas m\u00edo que dijiste:&#8221;en verdad os digo: todo lo que pedir\u00e9is a mi Padre en mi Nombre, El os lo conceder\u00e1&#8221;<\/p>\n<p style=\"text-align: center;\">He aqu\u00ed que, confiado en tu Palabra divina, pido al eterno Padre en tu Nombre la gracia de&#8230;.<br \/>\n<sup>Padre Nuestro, Ave Mar\u00eda, Gloria.<\/sup><br \/>\n<sup>Sagrado Coraz\u00f3n de Jes\u00fas en ti conf\u00edo.<\/sup><\/p>\n<p style=\"text-align: center;\">3. O Jes\u00fas m\u00edo, que dijiste &#8220;en verdad os digo: los cielos y la tierra pasar\u00e1n, mas mis palabras no pasar\u00e1n&#8221;&#8230;<\/p>\n<p style=\"text-align: center;\">He aqu\u00ed que, confiado en la infalibilidad de tu Palabra divina, te pido la gracia&#8230;.<br \/>\n<sup>Padre Nuestro, Ave Mar\u00eda, Gloria.<\/sup><br \/>\n<sup>Sagrado Coraz\u00f3n de Jes\u00fas en ti conf\u00edo.<\/sup><\/p>\n<p style=\"text-align: center;\">O Sagrado Coraz\u00f3n de Jes\u00fas infinitamente compasivo con los desgraciados, ten piedad de nosotros pobres pecadores<\/p>\n<p style=\"text-align: center;\">y conc\u00e9denos las gracias que te pedimos por medio del Inmaculado Coraz\u00f3n de Mar\u00eda, nuestra tierna Madre.<\/p>\n<p style=\"text-align: center;\">San Jos\u00e9 , padre adoptivo del Sagrado Coraz\u00f3n de Jes\u00fas ruega por nosotros.<\/p>\n<p style=\"text-align: center;\"><em>Nota La presente Novena la recitaba diariamente padre P\u00edo por todos aquellos que solicitaban sus oraciones. <\/em><\/p>\n<p style=\"text-align: center;\"><em>Se invita pues , a los fieles a recitarla tambi\u00e9n diariamente confiando en la intercesi\u00f3n de San P\u00edo de Pietrelcina.<\/em><\/p>\n<hr \/>\n<h3 style=\"text-align: center;\"><\/h3>\n<h3><img loading=\"lazy\" decoding=\"async\" class=\"aligncenter size-full wp-image-14396\" src=\"https:\/\/capuchinos.org\/wp-content\/uploads\/sites\/3\/2018\/05\/oracion.jpg\" alt=\"\" width=\"104\" height=\"98\" \/><\/h3>\n<h4 style=\"text-align: center;\"><span style=\"color: #ff6600;\"><strong>Oraci\u00f3n<\/strong><\/span><\/h4>\n<p style=\"text-align: center;\">A(compuesta por Padre P\u00edo para rezarla despu\u00e9s de la comuni\u00f3n\u201d)<\/p>\n<p style=\"text-align: center;\">Has venido a visitarme<br \/>\nComo Padre y como amigo<br \/>\nJes\u00fas, no me dejes solo.<br \/>\n\u00a1Qu\u00e9date Se\u00f1or conmigo!<\/p>\n<p style=\"text-align: center;\">Por el mundo envuelto en sombras<br \/>\nSoy errante peregrino<br \/>\nDame tu luz y tu gracia<br \/>\n\u00a1Qu\u00e9date Se\u00f1or conmigo!<\/p>\n<p style=\"text-align: center;\">En este precioso instante<br \/>\nAbrazado estoy contigo<br \/>\nQue esta uni\u00f3n nunca me falte<br \/>\n\u00a1Qu\u00e9date Se\u00f1or conmigo!<\/p>\n<p style=\"text-align: center;\">Acomp\u00e1\u00f1ame en la vida<br \/>\nTu presencia necesito<br \/>\nSin ti desfallezco y caigo<br \/>\n\u00a1Qu\u00e9date Se\u00f1or conmigo!<\/p>\n<p style=\"text-align: center;\">Declinando est\u00e1 la tarde<br \/>\nVoy corriendo como r\u00edo al<br \/>\nhondo mar de la muerte.<br \/>\n\u00a1Qu\u00e9date Se\u00f1or conmigo!<\/p>\n<p style=\"text-align: center;\">En la pena y en el gozo<br \/>\nS\u00e9 mi aliento mientras vivo<br \/>\nHasta que muera en tus brazos<br \/>\n\u00a1Qu\u00e9date Se\u00f1or conmigo!<\/p>\n<\/div>\n<\/div><\/div>\n<\/div>\n<\/div>\n<\/div>\n<\/div>\n<\/div>\n<div id=\"cmsmasters_row_d2z7soc39i\" class=\"cmsmasters_row cmsmasters_color_scheme_default cmsmasters_row_top_default cmsmasters_row_bot_default cmsmasters_row_boxed\">\n<div class=\"cmsmasters_row_outer_parent\">\n<div class=\"cmsmasters_row_outer\">\n<div class=\"cmsmasters_row_inner\">\n<div class=\"cmsmasters_row_margin\">\n<div id=\"cmsmasters_column_4v0hjvae0k\" class=\"cmsmasters_column one_first\">\n<div class=\"cmsmasters_column_inner\"><div class=\"custom_html\">\n<p><a id=\"contact\"><\/a><\/p>\n<\/div>\n<div id=\"cmsmasters_heading_llr7lyo2d4\" class=\"cmsmasters_heading_wrap cmsmasters_heading_align_center\">\n\t<h2 class=\"cmsmasters_heading\">Contact<\/h2>\n<\/div>\n<\/div><\/div>\n<\/div>\n<\/div>\n<\/div>\n<\/div>\n<\/div>\n<div id=\"cmsmasters_row_s5qah0h1yl\" class=\"cmsmasters_row cmsmasters_color_scheme_default cmsmasters_row_top_default cmsmasters_row_bot_default cmsmasters_row_boxed\">\n<div class=\"cmsmasters_row_outer_parent\">\n<div class=\"cmsmasters_row_outer\">\n<div class=\"cmsmasters_row_inner\">\n<div class=\"cmsmasters_row_margin\">\n<div id=\"cmsmasters_column_wtynvdti4i\" class=\"cmsmasters_column one_half\">\n<div class=\"cmsmasters_column_inner\"><div class=\"aligncenter\"><div class=\"cmsmasters_img  cmsmasters_image_c\"><img decoding=\"async\" src=\"https:\/\/capuchinos.org\/ingles1\/wp-content\/uploads\/sites\/3\/2018\/05\/peter.jpg\" \/><\/div><\/div>\n<\/div><\/div>\n<div id=\"cmsmasters_column_9ryinwjxre\" class=\"cmsmasters_column one_half\">\n<div class=\"cmsmasters_column_inner\"><div class=\"cmsmasters_text\">\n<p><strong>MEXICO, CDMX. <\/strong><br \/>\n<span style=\"color: #ff6600;\">SE\u00d1OR DE LA RESURRECCI\u00d3N PARISH<\/span><br \/>\nBosque la Reforma No. 486<br \/>\nBosques de las Lomas 11700<br \/>\nInf. 01 55 \/ 55 96 16 92<br \/>\nMeetings: 1st. Tuesday of every month at 5.30 PM<\/p>\n<p><strong>GUADALAJARA, JALISCO.<\/strong><br \/>\n<span style=\"color: #ff6600;\">NUESTRA SE\u00d1ORA DE LOS \u00c1NGELES CHAPEL<\/span><br \/>\nTeatro de la republica s\/n<br \/>\nCol. Rinconada Santa Rita 44690<br \/>\nInf. 01 33 \/ 38 13 24 00<br \/>\nMeetings: Every Monday, 5.30 PM<\/p>\n<p><strong>SAN LUIS POTOSI<\/strong><br \/>\n<span style=\"color: #ff6600;\">JES\u00daS DIVINO MAESTRO PARISH<\/span><br \/>\nAv. Salvador Nava 145<br \/>\nCol. Loma Alta 78290<br \/>\nTel 01 444 \/ 817 64 65<br \/>\nMeetings: Every Thursday, 5.30 PM<\/p>\n<p><strong>VISIT PADRE PIO IN MEXICO WEBSITE :<\/strong><br \/>\n<a href=\"http:\/\/www.padrepiomexico.org\" target=\"_blank\" rel=\"noopener\">www.padrepiomexico.org<\/a><\/p>\n<\/div>\n<\/div><\/div>\n<\/div>\n<\/div>\n<\/div>\n<\/div>\n<\/div>\n<div id=\"cmsmasters_row_ydcubvke16\" class=\"cmsmasters_row cmsmasters_color_scheme_default cmsmasters_row_top_default cmsmasters_row_bot_default cmsmasters_row_boxed\">\n<div class=\"cmsmasters_row_outer_parent\">\n<div class=\"cmsmasters_row_outer\">\n<div class=\"cmsmasters_row_inner\">\n<div class=\"cmsmasters_row_margin\">\n<div id=\"cmsmasters_column_6xcas694mc\" class=\"cmsmasters_column one_first\">\n<div class=\"cmsmasters_column_inner\"><p><\/p>\n<\/div><\/div>\n<\/div>\n<\/div>\n<\/div>\n<\/div>\n<\/div>\n\n","protected":false},"excerpt":{"rendered":"","protected":false},"author":1,"featured_media":0,"parent":0,"menu_order":0,"comment_status":"closed","ping_status":"closed","template":"","meta":{"footnotes":""},"class_list":["post-14674","page","type-page","status-publish","hentry"],"_links":{"self":[{"href":"https:\/\/capuchinos.org\/ingles1\/wp-json\/wp\/v2\/pages\/14674","targetHints":{"allow":["GET"]}}],"collection":[{"href":"https:\/\/capuchinos.org\/ingles1\/wp-json\/wp\/v2\/pages"}],"about":[{"href":"https:\/\/capuchinos.org\/ingles1\/wp-json\/wp\/v2\/types\/page"}],"author":[{"embeddable":true,"href":"https:\/\/capuchinos.org\/ingles1\/wp-json\/wp\/v2\/users\/1"}],"replies":[{"embeddable":true,"href":"https:\/\/capuchinos.org\/ingles1\/wp-json\/wp\/v2\/comments?post=14674"}],"version-history":[{"count":19,"href":"https:\/\/capuchinos.org\/ingles1\/wp-json\/wp\/v2\/pages\/14674\/revisions"}],"predecessor-version":[{"id":15115,"href":"https:\/\/capuchinos.org\/ingles1\/wp-json\/wp\/v2\/pages\/14674\/revisions\/15115"}],"wp:attachment":[{"href":"https:\/\/capuchinos.org\/ingles1\/wp-json\/wp\/v2\/media?parent=14674"}],"curies":[{"name":"wp","href":"https:\/\/api.w.org\/{rel}","templated":true}]}}